{"id":34246,"date":"2025-08-11T13:50:52","date_gmt":"2025-08-11T17:50:52","guid":{"rendered":"https:\/\/ojen.ca\/?post_type=program&#038;p=34246"},"modified":"2025-10-16T11:12:29","modified_gmt":"2025-10-16T15:12:29","slug":"futures-in-justice-ottawa","status":"publish","type":"program","link":"https:\/\/ojen.ca\/en\/program\/futures-in-justice-ottawa\/","title":{"rendered":"Futures in Justice \/ Avenirs en justice &#8211; Ottawa"},"content":{"rendered":"\n<p><strong>R<\/strong><strong>\u00e9server la date du jeudi 27 novembre 2025<\/strong>&nbsp;pour la prochaine \u00e9dition de l\u2019\u00e9v\u00e9nement <strong>Avenir en justice | Justice Futures<\/strong>, qui se tiendra au <strong>Palais de justice d\u2019Ottawa<\/strong>.<\/p>\n\n\n\n<p>Notre conf\u00e9renci\u00e8re sera L\u2019honorable Michelle O\u2019Bonsawin,&nbsp; de la cour supr\u00eame du Canada et le th\u00e8me cette ann\u00e9e sera : <i><strong>Briser les barri\u00e8res, refa\u00e7onner la justice.<\/strong><\/i><\/p>\n\n\n\n<p>Cette journ\u00e9e \u00e9ducative et immersive s\u2019adresse aux <strong>jeunes femmes \u00e2g\u00e9es de <\/strong><strong>16 \u00e0 22<\/strong><strong>&nbsp;ans qui s\u2019identifient comme racialis\u00e9es, marginalis\u00e9es et\/ou sous-repr\u00e9sent\u00e9es<\/strong>. Qu\u2019elles soient aux \u00e9tudes secondaires, postsecondaires ou en cheminement professionnel, ces jeunes auront l\u2019occasion unique de d\u00e9couvrir les multiples possibilit\u00e9s de carri\u00e8re dans le secteur de la justice, tout en rencontrant des professionnelles inspirantes qui y \u0153uvrent au quotidien.<\/p>\n\n\n\n<p>Par le biais de conf\u00e9rences, de discussions interactives et de moments d\u2019\u00e9change, les participantes auront l\u2019opportunit\u00e9 d\u2019interagir avec des <strong>juges, avocates, m\u00e9diatrices, commissaires, chercheuses et autres actrices du syst\u00e8me de justice<\/strong>, qui partageront leurs parcours et leur expertise. L\u2019\u00e9v\u00e9nement vise \u00e0 <strong>inspirer, outiller et encourager<\/strong>&nbsp;les jeunes femmes \u00e0 envisager un avenir dans des domaines o\u00f9 elles sont encore trop peu repr\u00e9sent\u00e9es. Toutes les activit\u00e9s seront offertes dans un <strong>cadre bilingue (fran\u00e7ais et anglais)<\/strong>, respectueux, inclusif et centr\u00e9 sur l\u2019\u00e9coute et le renforcement du pouvoir d\u2019agir.<\/p>\n\n\n\n<p>Pour toute question, vous pouvez communiquer avec nous \u00e0 l\u2019adresse suivante : <a id=\"menur11k\" class=\"fui-Link ___1q1shib f2hkw1w f3rmtva f1ewtqcl fyind8e f1k6fduh f1w7gpdv fk6fouc fjoy568 figsok6 f1s184ao f1mk8lai fnbmjn9 f1o700av f13mvf36 f1cmlufx f9n3di6 f1ids18y f1tx3yz7 f1deo86v f1eh06m1 f1iescvh fhgqx19 f1olyrje f1p93eir f1nev41a f1h8hb77 f1lqvz6u f10aw75t fsle3fq f17ae5zn\" title=\"mailto:avenir.futuresinjustice@gmail.com\" href=\"mailto:avenir.futuresinjustice@gmail.com\" target=\"_blank\" rel=\"noreferrer noopener\" aria-label=\"Link avenir.futuresinjustice@gmail.com\">avenir.futuresinjustice@gmail.com<\/a><\/p>\n\n\n\n<p>\u2026..<\/p>\n\n\n\n<p><strong>S<\/strong><strong>ave the date of Thursday, November 27, 2025<\/strong>, for the next edition of <strong>Avenir en justice | Justice Futures<\/strong>, which will take place at the <strong>Ontario Court of Justice in Ottawa<\/strong>.&nbsp;We are delighted that the Honourable Michelle O\u2019Bonsawin has generously agreed to be our keynote speaker. Our theme this year is: <strong>Breaking Barriers, Shaping Justice.<\/strong><\/p>\n\n\n\n<p>This full-day educational and immersive event is designed for\u202f<strong>young women aged 16 to 22 who identify as racialized, marginalized, and\/or underrepresented<\/strong>. Whether they are in high school, postsecondary studies, or on a professional path, these young women will have the unique opportunity to explore a wide range of career possibilities in the justice sector and to meet inspiring professionals who work in it every day.<\/p>\n\n\n\n<p>Through panels, interactive discussions, and informal exchanges, participants will have the chance to engage with <strong>judges, lawyers, mediators, commissioners, researchers, and other key actors within the justice system<\/strong>&nbsp;who will share their stories and expertise. The event aims to <strong>inspire, equip, and encourage<\/strong>&nbsp;young women to envision a future in fields where they remain significantly underrepresented. All activities will take place in a <strong>bilingual (English and French), respectful, inclusive environment that prioritizes listening and strengthening personal agency.<\/strong><\/p>\n\n\n\n<p>Should you have any questions, feel free to contact us at:\u202f<a id=\"menur11m\" class=\"fui-Link ___1q1shib f2hkw1w f3rmtva f1ewtqcl fyind8e f1k6fduh f1w7gpdv fk6fouc fjoy568 figsok6 f1s184ao f1mk8lai fnbmjn9 f1o700av f13mvf36 f1cmlufx f9n3di6 f1ids18y f1tx3yz7 f1deo86v f1eh06m1 f1iescvh fhgqx19 f1olyrje f1p93eir f1nev41a f1h8hb77 f1lqvz6u f10aw75t fsle3fq f17ae5zn\" title=\"mailto:avenir.futuresinjustice@gmail.com\" href=\"mailto:avenir.futuresinjustice@gmail.com\" target=\"_blank\" rel=\"noreferrer noopener\" aria-label=\"Link avenir.futuresinjustice@gmail.com\">avenir.futuresinjustice@gmail.com<\/a><\/p>\n\n\n\n<figure class=\"wp-block-image size-large\"><img loading=\"lazy\" decoding=\"async\" width=\"791\" height=\"1024\" src=\"https:\/\/ojen.ca\/wp-content\/uploads\/2025\/08\/futures-in-justice_digital-flyer-791x1024.png\" alt=\"\" class=\"wp-image-34528\" srcset=\"https:\/\/ojen.ca\/wp-content\/uploads\/2025\/08\/futures-in-justice_digital-flyer-791x1024.png 791w, https:\/\/ojen.ca\/wp-content\/uploads\/2025\/08\/futures-in-justice_digital-flyer-232x300.png 232w, https:\/\/ojen.ca\/wp-content\/uploads\/2025\/08\/futures-in-justice_digital-flyer-768x994.png 768w, https:\/\/ojen.ca\/wp-content\/uploads\/2025\/08\/futures-in-justice_digital-flyer-1187x1536.png 1187w, https:\/\/ojen.ca\/wp-content\/uploads\/2025\/08\/futures-in-justice_digital-flyer-1583x2048.png 1583w\" sizes=\"(max-width: 791px) 100vw, 791px\" \/><\/figure>\n\n\n\n<h2 class=\"wp-block-heading\">2025 Registration<\/h2>\n\n\n\n<p><strong>Registration is now full. Any further applications will be added to a waitlist. <\/strong><\/p>\n\n\n\n<p><strong>Register <a href=\"https:\/\/form.jotform.com\/252034571038249\">here<\/a>.<\/strong><\/p>\n\n\n\n<p><strong>QR code below:<\/strong><\/p>\n\n\n<div class=\"wp-block-image\">\n<figure class=\"aligncenter is-resized\"><img loading=\"lazy\" decoding=\"async\" width=\"600\" height=\"600\" src=\"https:\/\/ojen.ca\/wp-content\/uploads\/2025\/08\/Image-preview.png\" alt=\"\" class=\"wp-image-34393\" style=\"width:404px;height:auto\" srcset=\"https:\/\/ojen.ca\/wp-content\/uploads\/2025\/08\/Image-preview.png 600w, https:\/\/ojen.ca\/wp-content\/uploads\/2025\/08\/Image-preview-300x300.png 300w, https:\/\/ojen.ca\/wp-content\/uploads\/2025\/08\/Image-preview-150x150.png 150w, https:\/\/ojen.ca\/wp-content\/uploads\/2025\/08\/Image-preview-290x290.png 290w\" sizes=\"(max-width: 600px) 100vw, 600px\" \/><\/figure><\/div>","protected":false},"featured_media":0,"template":"","area-of-law":[],"audience":[32],"program_type":[415],"class_list":["post-34246","program","type-program","status-publish","hentry","audience-youth","program_type-committee-programs"],"acf":[],"yoast_head":"<!-- This site is optimized with the Yoast SEO plugin v25.3 - https:\/\/yoast.com\/wordpress\/plugins\/seo\/ -->\n<title>Futures in Justice \/ Avenirs en justice - Ottawa - OJEN<\/title>\n<meta name=\"robots\" content=\"index, follow, max-snippet:-1, max-image-preview:large, max-video-preview:-1\" \/>\n<link rel=\"canonical\" href=\"https:\/\/ojen.ca\/en\/program\/futures-in-justice-ottawa\/\" \/>\n<meta property=\"og:locale\" content=\"en_US\" \/>\n<meta property=\"og:type\" content=\"article\" \/>\n<meta property=\"og:title\" content=\"Futures in Justice \/ Avenirs en justice - Ottawa - OJEN\" \/>\n<meta property=\"og:description\" content=\"R\u00e9server la date du jeudi 27 novembre 2025&nbsp;pour la prochaine \u00e9dition de l\u2019\u00e9v\u00e9nement Avenir en justice | Justice Futures, qui se tiendra au Palais de justice d\u2019Ottawa. Notre conf\u00e9renci\u00e8re sera L\u2019honorable Michelle O\u2019Bonsawin,&nbsp; de la cour supr\u00eame du Canada et le th\u00e8me cette ann\u00e9e sera : Briser les barri\u00e8res, refa\u00e7onner la justice. Cette journ\u00e9e \u00e9ducative [&hellip;]\" \/>\n<meta property=\"og:url\" content=\"https:\/\/ojen.ca\/en\/program\/futures-in-justice-ottawa\/\" \/>\n<meta property=\"og:site_name\" content=\"OJEN\" \/>\n<meta property=\"article:publisher\" content=\"https:\/\/www.facebook.com\/pages\/OJEN\/252115501467864\" \/>\n<meta property=\"article:modified_time\" content=\"2025-10-16T15:12:29+00:00\" \/>\n<meta property=\"og:image\" content=\"https:\/\/ojen.ca\/wp-content\/uploads\/2025\/08\/futures-in-justice_digital-flyer-791x1024.png\" \/>\n\t<meta property=\"og:image:width\" content=\"791\" \/>\n\t<meta property=\"og:image:height\" content=\"1024\" \/>\n\t<meta property=\"og:image:type\" content=\"image\/png\" \/>\n<meta name=\"twitter:card\" content=\"summary_large_image\" \/>\n<meta name=\"twitter:site\" content=\"@OJEN_ROEJ\" \/>\n<meta name=\"twitter:label1\" content=\"Est. reading time\" \/>\n\t<meta name=\"twitter:data1\" content=\"3 minutes\" \/>\n<script type=\"application\/ld+json\" class=\"yoast-schema-graph\">{\"@context\":\"https:\/\/schema.org\",\"@graph\":[{\"@type\":\"WebPage\",\"@id\":\"https:\/\/ojen.ca\/en\/program\/futures-in-justice-ottawa\/\",\"url\":\"https:\/\/ojen.ca\/en\/program\/futures-in-justice-ottawa\/\",\"name\":\"Futures in Justice \/ Avenirs en justice - Ottawa - OJEN\",\"isPartOf\":{\"@id\":\"https:\/\/ojen.ca\/en\/#website\"},\"primaryImageOfPage\":{\"@id\":\"https:\/\/ojen.ca\/en\/program\/futures-in-justice-ottawa\/#primaryimage\"},\"image\":{\"@id\":\"https:\/\/ojen.ca\/en\/program\/futures-in-justice-ottawa\/#primaryimage\"},\"thumbnailUrl\":\"https:\/\/ojen.ca\/wp-content\/uploads\/2025\/08\/futures-in-justice_digital-flyer-791x1024.png\",\"datePublished\":\"2025-08-11T17:50:52+00:00\",\"dateModified\":\"2025-10-16T15:12:29+00:00\",\"breadcrumb\":{\"@id\":\"https:\/\/ojen.ca\/en\/program\/futures-in-justice-ottawa\/#breadcrumb\"},\"inLanguage\":\"en-US\",\"potentialAction\":[{\"@type\":\"ReadAction\",\"target\":[\"https:\/\/ojen.ca\/en\/program\/futures-in-justice-ottawa\/\"]}]},{\"@type\":\"ImageObject\",\"inLanguage\":\"en-US\",\"@id\":\"https:\/\/ojen.ca\/en\/program\/futures-in-justice-ottawa\/#primaryimage\",\"url\":\"https:\/\/ojen.ca\/wp-content\/uploads\/2025\/08\/futures-in-justice_digital-flyer-791x1024.png\",\"contentUrl\":\"https:\/\/ojen.ca\/wp-content\/uploads\/2025\/08\/futures-in-justice_digital-flyer-791x1024.png\"},{\"@type\":\"BreadcrumbList\",\"@id\":\"https:\/\/ojen.ca\/en\/program\/futures-in-justice-ottawa\/#breadcrumb\",\"itemListElement\":[{\"@type\":\"ListItem\",\"position\":1,\"name\":\"Home\",\"item\":\"https:\/\/ojen.ca\/en\/\"},{\"@type\":\"ListItem\",\"position\":2,\"name\":\"Futures in Justice \/ Avenirs en justice &#8211; Ottawa\"}]},{\"@type\":\"WebSite\",\"@id\":\"https:\/\/ojen.ca\/en\/#website\",\"url\":\"https:\/\/ojen.ca\/en\/\",\"name\":\"OJEN\",\"description\":\"\",\"potentialAction\":[{\"@type\":\"SearchAction\",\"target\":{\"@type\":\"EntryPoint\",\"urlTemplate\":\"https:\/\/ojen.ca\/en\/?s={search_term_string}\"},\"query-input\":{\"@type\":\"PropertyValueSpecification\",\"valueRequired\":true,\"valueName\":\"search_term_string\"}}],\"inLanguage\":\"en-US\"}]}<\/script>\n<!-- \/ Yoast SEO plugin. -->","yoast_head_json":{"title":"Futures in Justice \/ Avenirs en justice - Ottawa - OJEN","robots":{"index":"index","follow":"follow","max-snippet":"max-snippet:-1","max-image-preview":"max-image-preview:large","max-video-preview":"max-video-preview:-1"},"canonical":"https:\/\/ojen.ca\/en\/program\/futures-in-justice-ottawa\/","og_locale":"en_US","og_type":"article","og_title":"Futures in Justice \/ Avenirs en justice - Ottawa - OJEN","og_description":"R\u00e9server la date du jeudi 27 novembre 2025&nbsp;pour la prochaine \u00e9dition de l\u2019\u00e9v\u00e9nement Avenir en justice | Justice Futures, qui se tiendra au Palais de justice d\u2019Ottawa. Notre conf\u00e9renci\u00e8re sera L\u2019honorable Michelle O\u2019Bonsawin,&nbsp; de la cour supr\u00eame du Canada et le th\u00e8me cette ann\u00e9e sera : Briser les barri\u00e8res, refa\u00e7onner la justice. Cette journ\u00e9e \u00e9ducative [&hellip;]","og_url":"https:\/\/ojen.ca\/en\/program\/futures-in-justice-ottawa\/","og_site_name":"OJEN","article_publisher":"https:\/\/www.facebook.com\/pages\/OJEN\/252115501467864","article_modified_time":"2025-10-16T15:12:29+00:00","og_image":[{"width":791,"height":1024,"url":"https:\/\/ojen.ca\/wp-content\/uploads\/2025\/08\/futures-in-justice_digital-flyer-791x1024.png","type":"image\/png"}],"twitter_card":"summary_large_image","twitter_site":"@OJEN_ROEJ","twitter_misc":{"Est. reading time":"3 minutes"},"schema":{"@context":"https:\/\/schema.org","@graph":[{"@type":"WebPage","@id":"https:\/\/ojen.ca\/en\/program\/futures-in-justice-ottawa\/","url":"https:\/\/ojen.ca\/en\/program\/futures-in-justice-ottawa\/","name":"Futures in Justice \/ Avenirs en justice - Ottawa - OJEN","isPartOf":{"@id":"https:\/\/ojen.ca\/en\/#website"},"primaryImageOfPage":{"@id":"https:\/\/ojen.ca\/en\/program\/futures-in-justice-ottawa\/#primaryimage"},"image":{"@id":"https:\/\/ojen.ca\/en\/program\/futures-in-justice-ottawa\/#primaryimage"},"thumbnailUrl":"https:\/\/ojen.ca\/wp-content\/uploads\/2025\/08\/futures-in-justice_digital-flyer-791x1024.png","datePublished":"2025-08-11T17:50:52+00:00","dateModified":"2025-10-16T15:12:29+00:00","breadcrumb":{"@id":"https:\/\/ojen.ca\/en\/program\/futures-in-justice-ottawa\/#breadcrumb"},"inLanguage":"en-US","potentialAction":[{"@type":"ReadAction","target":["https:\/\/ojen.ca\/en\/program\/futures-in-justice-ottawa\/"]}]},{"@type":"ImageObject","inLanguage":"en-US","@id":"https:\/\/ojen.ca\/en\/program\/futures-in-justice-ottawa\/#primaryimage","url":"https:\/\/ojen.ca\/wp-content\/uploads\/2025\/08\/futures-in-justice_digital-flyer-791x1024.png","contentUrl":"https:\/\/ojen.ca\/wp-content\/uploads\/2025\/08\/futures-in-justice_digital-flyer-791x1024.png"},{"@type":"BreadcrumbList","@id":"https:\/\/ojen.ca\/en\/program\/futures-in-justice-ottawa\/#breadcrumb","itemListElement":[{"@type":"ListItem","position":1,"name":"Home","item":"https:\/\/ojen.ca\/en\/"},{"@type":"ListItem","position":2,"name":"Futures in Justice \/ Avenirs en justice &#8211; Ottawa"}]},{"@type":"WebSite","@id":"https:\/\/ojen.ca\/en\/#website","url":"https:\/\/ojen.ca\/en\/","name":"OJEN","description":"","potentialAction":[{"@type":"SearchAction","target":{"@type":"EntryPoint","urlTemplate":"https:\/\/ojen.ca\/en\/?s={search_term_string}"},"query-input":{"@type":"PropertyValueSpecification","valueRequired":true,"valueName":"search_term_string"}}],"inLanguage":"en-US"}]}},"_links":{"self":[{"href":"https:\/\/ojen.ca\/en\/wp-json\/wp\/v2\/program\/34246"}],"collection":[{"href":"https:\/\/ojen.ca\/en\/wp-json\/wp\/v2\/program"}],"about":[{"href":"https:\/\/ojen.ca\/en\/wp-json\/wp\/v2\/types\/program"}],"version-history":[{"count":8,"href":"https:\/\/ojen.ca\/en\/wp-json\/wp\/v2\/program\/34246\/revisions"}],"predecessor-version":[{"id":34534,"href":"https:\/\/ojen.ca\/en\/wp-json\/wp\/v2\/program\/34246\/revisions\/34534"}],"wp:attachment":[{"href":"https:\/\/ojen.ca\/en\/wp-json\/wp\/v2\/media?parent=34246"}],"wp:term":[{"taxonomy":"area-of-law","embeddable":true,"href":"https:\/\/ojen.ca\/en\/wp-json\/wp\/v2\/area-of-law?post=34246"},{"taxonomy":"audience","embeddable":true,"href":"https:\/\/ojen.ca\/en\/wp-json\/wp\/v2\/audience?post=34246"},{"taxonomy":"program_type","embeddable":true,"href":"https:\/\/ojen.ca\/en\/wp-json\/wp\/v2\/program_type?post=34246"}],"curies":[{"name":"wp","href":"https:\/\/api.w.org\/{rel}","templated":true}]}}